{"id":1360,"date":"2022-06-22T10:49:17","date_gmt":"2022-06-22T08:49:17","guid":{"rendered":"https:\/\/terezsulyok.hu\/events\/viz-zene-virag-fesztival\/"},"modified":"2022-06-22T15:10:03","modified_gmt":"2022-06-22T13:10:03","slug":"sulyok-terez","status":"publish","type":"mec-events","link":"https:\/\/terezsulyok.hu\/en\/events\/sulyok-terez\/","title":{"rendered":"The exhibition of Ter\u00e9z Sulyok"},"content":{"rendered":"<h6 style=\"text-align: left;\" class=\"translation-block\"><strong> Paintings by Ter\u00e9z Sulyok <\/strong> <strong> at the 27th Water, Music, Flower Festival <\/strong> <strong> in the Turkish Gateway! <\/strong><\/h6>\n<p>&nbsp;<\/p>\n<p style=\"text-align: left;\">Gateway<br \/>\nFine art exhibition<br \/>\nIn honor of the 300th anniversary of the birth of Jakab Fellner at the 27th Water, Music, Flower Festival<br \/>\nD\u00f3ra Giczi<br \/>\nBrigitta Simon-Gonda<br \/>\nTer\u00e9z Sulyok<br \/>\nK\u00e1lm\u00e1n Varga B.<br \/>\nhis works are on display<br \/>\nThe Fellner 300 traveling exhibition, created under the professional guidance of the Kuny Domokos Museum, can also be seen in the hall.<br \/>\nThe 11 tables in the exhibition present 11 important chapters of the life of Jakab Fellner (1722-1780), covering the entire oeuvre.<br \/>\nThe professional text of the boards was compiled by the staff of the Kuny Domokos Museum.<br \/>\nThe graphic works of the Molinos were done by G\u00e9za G\u00f6r\u00f6zdi, the photos come from the collection of Elem\u00e9r R\u00e9vhelyi, perhaps the most significant local history researcher in Tata.<br \/>\nThe floral arrangements on display are the work of florists.<\/p>","protected":false},"excerpt":{"rendered":"<p>Sulyok Ter\u00e9z festm\u00e9nyei a 27. V\u00edz, Zene, Vir\u00e1g Fesztiv\u00e1lon a t\u00f6r\u00f6k-kori \u00e1tj\u00e1r\u00f3ban! &nbsp; \u00c1tj\u00e1r\u00f3 K\u00e9pz\u0151m\u0171v\u00e9szeti ki\u00e1ll\u00edt\u00e1s Fellner Jakab sz\u00fclet\u00e9s\u00e9nek 300. \u00e9vfordul\u00f3ja tisztelt\u00e9re a 27. V\u00edz, Zene, Vir\u00e1g Fesztiv\u00e1lon Giczi D\u00f3ra Simon-Gonda Brigitta Sulyok Ter\u00e9z Varga B. K\u00e1lm\u00e1n alkot\u00e1sai l\u00e1that\u00f3k A teremben a Kuny Domokos M\u00fazeum szakmai ir\u00e1ny\u00edt\u00e1s\u00e1val l\u00e9trej\u00f6tt Fellner 300 c\u00edm\u0171 v\u00e1ndorki\u00e1ll\u00edt\u00e1s is megtekinthet\u0151. A [&hellip;]<\/p>\n","protected":false},"author":2,"featured_media":1359,"comment_status":"closed","ping_status":"open","template":"","tags":[],"mec_category":[],"class_list":["post-1360","mec-events","type-mec-events","status-publish","has-post-thumbnail","hentry"],"yoast_head":"<!-- This site is optimized with the Yoast SEO plugin v27.5 - https:\/\/yoast.com\/product\/yoast-seo-wordpress\/ -->\n<title>Sulyok Ter\u00e9z ki\u00e1ll\u00edt\u00e1sa - terezsulyok.hu<\/title>\n<meta name=\"description\" content=\"Sulyok Ter\u00e9z festm\u00e9nyei a 27. V\u00edz, Zene, Vir\u00e1g Fesztiv\u00e1lon a t\u00f6r\u00f6k-kori \u00e1tj\u00e1r\u00f3ban! K\u00e9pz\u0151m\u0171v\u00e9szeti ki\u00e1ll\u00edt\u00e1sFellner Jakab sz\u00fclet\u00e9s\u00e9nek 300. \u00e9vfordul\u00f3ja tisztelt\u00e9re\" \/>\n<meta name=\"robots\" content=\"index, follow, max-snippet:-1, max-image-preview:large, max-video-preview:-1\" \/>\n<link rel=\"canonical\" href=\"https:\/\/terezsulyok.hu\/en\/events\/sulyok-terez\/\" \/>\n<meta property=\"og:locale\" content=\"en_GB\" \/>\n<meta property=\"og:type\" content=\"article\" \/>\n<meta property=\"og:title\" content=\"Sulyok Ter\u00e9z ki\u00e1ll\u00edt\u00e1sa - terezsulyok.hu\" \/>\n<meta property=\"og:description\" content=\"Sulyok Ter\u00e9z festm\u00e9nyei a 27. V\u00edz, Zene, Vir\u00e1g Fesztiv\u00e1lon a t\u00f6r\u00f6k-kori \u00e1tj\u00e1r\u00f3ban! K\u00e9pz\u0151m\u0171v\u00e9szeti ki\u00e1ll\u00edt\u00e1sFellner Jakab sz\u00fclet\u00e9s\u00e9nek 300. \u00e9vfordul\u00f3ja tisztelt\u00e9re\" \/>\n<meta property=\"og:url\" content=\"https:\/\/terezsulyok.hu\/en\/events\/sulyok-terez\/\" \/>\n<meta property=\"og:site_name\" content=\"terezsulyok.hu\" \/>\n<meta property=\"article:publisher\" content=\"https:\/\/www.facebook.com\/terez.sulyok.3\" \/>\n<meta property=\"article:modified_time\" content=\"2022-06-22T13:10:03+00:00\" \/>\n<meta property=\"og:image\" content=\"https:\/\/terezsulyok.hu\/wp-content\/uploads\/2022\/06\/288635293_1204874793674431_337503821860610091_n-1.jpg\" \/>\n\t<meta property=\"og:image:width\" content=\"905\" \/>\n\t<meta property=\"og:image:height\" content=\"614\" \/>\n\t<meta property=\"og:image:type\" content=\"image\/jpeg\" \/>\n<meta name=\"twitter:card\" content=\"summary_large_image\" \/>\n<meta name=\"twitter:label1\" content=\"Estimated reading time\" \/>\n\t<meta name=\"twitter:data1\" content=\"1 minute\" \/>\n<script type=\"application\/ld+json\" class=\"yoast-schema-graph\">{\"@context\":\"https:\\\/\\\/schema.org\",\"@graph\":[{\"@type\":\"WebPage\",\"@id\":\"https:\\\/\\\/terezsulyok.hu\\\/events\\\/sulyok-terez\\\/\",\"url\":\"https:\\\/\\\/terezsulyok.hu\\\/events\\\/sulyok-terez\\\/\",\"name\":\"Sulyok Ter\u00e9z ki\u00e1ll\u00edt\u00e1sa - terezsulyok.hu\",\"isPartOf\":{\"@id\":\"https:\\\/\\\/terezsulyok.hu\\\/#website\"},\"primaryImageOfPage\":{\"@id\":\"https:\\\/\\\/terezsulyok.hu\\\/events\\\/sulyok-terez\\\/#primaryimage\"},\"image\":{\"@id\":\"https:\\\/\\\/terezsulyok.hu\\\/events\\\/sulyok-terez\\\/#primaryimage\"},\"thumbnailUrl\":\"https:\\\/\\\/terezsulyok.hu\\\/wp-content\\\/uploads\\\/2022\\\/06\\\/288635293_1204874793674431_337503821860610091_n-1.jpg\",\"datePublished\":\"2022-06-22T08:49:17+00:00\",\"dateModified\":\"2022-06-22T13:10:03+00:00\",\"description\":\"Sulyok Ter\u00e9z festm\u00e9nyei a 27. V\u00edz, Zene, Vir\u00e1g Fesztiv\u00e1lon a t\u00f6r\u00f6k-kori \u00e1tj\u00e1r\u00f3ban! K\u00e9pz\u0151m\u0171v\u00e9szeti ki\u00e1ll\u00edt\u00e1sFellner Jakab sz\u00fclet\u00e9s\u00e9nek 300. \u00e9vfordul\u00f3ja tisztelt\u00e9re\",\"breadcrumb\":{\"@id\":\"https:\\\/\\\/terezsulyok.hu\\\/events\\\/sulyok-terez\\\/#breadcrumb\"},\"inLanguage\":\"en-GB\",\"potentialAction\":[{\"@type\":\"ReadAction\",\"target\":[\"https:\\\/\\\/terezsulyok.hu\\\/events\\\/sulyok-terez\\\/\"]}]},{\"@type\":\"ImageObject\",\"inLanguage\":\"en-GB\",\"@id\":\"https:\\\/\\\/terezsulyok.hu\\\/events\\\/sulyok-terez\\\/#primaryimage\",\"url\":\"https:\\\/\\\/terezsulyok.hu\\\/wp-content\\\/uploads\\\/2022\\\/06\\\/288635293_1204874793674431_337503821860610091_n-1.jpg\",\"contentUrl\":\"https:\\\/\\\/terezsulyok.hu\\\/wp-content\\\/uploads\\\/2022\\\/06\\\/288635293_1204874793674431_337503821860610091_n-1.jpg\",\"width\":905,\"height\":614},{\"@type\":\"BreadcrumbList\",\"@id\":\"https:\\\/\\\/terezsulyok.hu\\\/events\\\/sulyok-terez\\\/#breadcrumb\",\"itemListElement\":[{\"@type\":\"ListItem\",\"position\":1,\"name\":\"Kezd\u0151lap\",\"item\":\"https:\\\/\\\/terezsulyok.hu\\\/\"},{\"@type\":\"ListItem\",\"position\":2,\"name\":\"Events\",\"item\":\"https:\\\/\\\/terezsulyok.hu\\\/events\\\/\"},{\"@type\":\"ListItem\",\"position\":3,\"name\":\"Sulyok Ter\u00e9z ki\u00e1ll\u00edt\u00e1sa\"}]},{\"@type\":\"WebSite\",\"@id\":\"https:\\\/\\\/terezsulyok.hu\\\/#website\",\"url\":\"https:\\\/\\\/terezsulyok.hu\\\/\",\"name\":\"terezsulyok.hu\",\"description\":\"Hidat verni a term\u00e9szetb\u0151l a k\u00e9p fel\u00e9, a k\u00fcls\u0151b\u0151l a bels\u0151be. A m\u0171v\u00e9sz feladata, hogy a saj\u00e1tos eszk\u00f6zeivel l\u00e1thatatlant l\u00e1that\u00f3v\u00e1 tegye.\",\"publisher\":{\"@id\":\"https:\\\/\\\/terezsulyok.hu\\\/#\\\/schema\\\/person\\\/f4cb2fc5228237f9f502d346ce8adb36\"},\"potentialAction\":[{\"@type\":\"SearchAction\",\"target\":{\"@type\":\"EntryPoint\",\"urlTemplate\":\"https:\\\/\\\/terezsulyok.hu\\\/?s={search_term_string}\"},\"query-input\":{\"@type\":\"PropertyValueSpecification\",\"valueRequired\":true,\"valueName\":\"search_term_string\"}}],\"inLanguage\":\"en-GB\"},{\"@type\":[\"Person\",\"Organization\"],\"@id\":\"https:\\\/\\\/terezsulyok.hu\\\/#\\\/schema\\\/person\\\/f4cb2fc5228237f9f502d346ce8adb36\",\"name\":\"SulyokTerez\",\"image\":{\"@type\":\"ImageObject\",\"inLanguage\":\"en-GB\",\"@id\":\"https:\\\/\\\/terezsulyok.hu\\\/wp-content\\\/uploads\\\/2022\\\/05\\\/s-122-\u00d7-60-keppont-205-\u00d7-100-keppont-500-\u00d7-300-keppont-350-\u00d7-100-keppont-1.png\",\"url\":\"https:\\\/\\\/terezsulyok.hu\\\/wp-content\\\/uploads\\\/2022\\\/05\\\/s-122-\u00d7-60-keppont-205-\u00d7-100-keppont-500-\u00d7-300-keppont-350-\u00d7-100-keppont-1.png\",\"contentUrl\":\"https:\\\/\\\/terezsulyok.hu\\\/wp-content\\\/uploads\\\/2022\\\/05\\\/s-122-\u00d7-60-keppont-205-\u00d7-100-keppont-500-\u00d7-300-keppont-350-\u00d7-100-keppont-1.png\",\"width\":350,\"height\":100,\"caption\":\"SulyokTerez\"},\"logo\":{\"@id\":\"https:\\\/\\\/terezsulyok.hu\\\/wp-content\\\/uploads\\\/2022\\\/05\\\/s-122-\u00d7-60-keppont-205-\u00d7-100-keppont-500-\u00d7-300-keppont-350-\u00d7-100-keppont-1.png\"},\"sameAs\":[\"https:\\\/\\\/terezsulyok.hu\",\"https:\\\/\\\/www.facebook.com\\\/terez.sulyok.3\"]}]}<\/script>\n<!-- \/ Yoast SEO plugin. -->","yoast_head_json":{"title":"Sulyok Ter\u00e9z ki\u00e1ll\u00edt\u00e1sa - terezsulyok.hu","description":"Sulyok Ter\u00e9z festm\u00e9nyei a 27. V\u00edz, Zene, Vir\u00e1g Fesztiv\u00e1lon a t\u00f6r\u00f6k-kori \u00e1tj\u00e1r\u00f3ban! K\u00e9pz\u0151m\u0171v\u00e9szeti ki\u00e1ll\u00edt\u00e1sFellner Jakab sz\u00fclet\u00e9s\u00e9nek 300. \u00e9vfordul\u00f3ja tisztelt\u00e9re","robots":{"index":"index","follow":"follow","max-snippet":"max-snippet:-1","max-image-preview":"max-image-preview:large","max-video-preview":"max-video-preview:-1"},"canonical":"https:\/\/terezsulyok.hu\/en\/events\/sulyok-terez\/","og_locale":"en_GB","og_type":"article","og_title":"Sulyok Ter\u00e9z ki\u00e1ll\u00edt\u00e1sa - terezsulyok.hu","og_description":"Sulyok Ter\u00e9z festm\u00e9nyei a 27. V\u00edz, Zene, Vir\u00e1g Fesztiv\u00e1lon a t\u00f6r\u00f6k-kori \u00e1tj\u00e1r\u00f3ban! K\u00e9pz\u0151m\u0171v\u00e9szeti ki\u00e1ll\u00edt\u00e1sFellner Jakab sz\u00fclet\u00e9s\u00e9nek 300. \u00e9vfordul\u00f3ja tisztelt\u00e9re","og_url":"https:\/\/terezsulyok.hu\/en\/events\/sulyok-terez\/","og_site_name":"terezsulyok.hu","article_publisher":"https:\/\/www.facebook.com\/terez.sulyok.3","article_modified_time":"2022-06-22T13:10:03+00:00","og_image":[{"width":905,"height":614,"url":"https:\/\/terezsulyok.hu\/wp-content\/uploads\/2022\/06\/288635293_1204874793674431_337503821860610091_n-1.jpg","type":"image\/jpeg"}],"twitter_card":"summary_large_image","twitter_misc":{"Estimated reading time":"1 minute"},"schema":{"@context":"https:\/\/schema.org","@graph":[{"@type":"WebPage","@id":"https:\/\/terezsulyok.hu\/events\/sulyok-terez\/","url":"https:\/\/terezsulyok.hu\/events\/sulyok-terez\/","name":"Sulyok Ter\u00e9z ki\u00e1ll\u00edt\u00e1sa - terezsulyok.hu","isPartOf":{"@id":"https:\/\/terezsulyok.hu\/#website"},"primaryImageOfPage":{"@id":"https:\/\/terezsulyok.hu\/events\/sulyok-terez\/#primaryimage"},"image":{"@id":"https:\/\/terezsulyok.hu\/events\/sulyok-terez\/#primaryimage"},"thumbnailUrl":"https:\/\/terezsulyok.hu\/wp-content\/uploads\/2022\/06\/288635293_1204874793674431_337503821860610091_n-1.jpg","datePublished":"2022-06-22T08:49:17+00:00","dateModified":"2022-06-22T13:10:03+00:00","description":"Sulyok Ter\u00e9z festm\u00e9nyei a 27. V\u00edz, Zene, Vir\u00e1g Fesztiv\u00e1lon a t\u00f6r\u00f6k-kori \u00e1tj\u00e1r\u00f3ban! K\u00e9pz\u0151m\u0171v\u00e9szeti ki\u00e1ll\u00edt\u00e1sFellner Jakab sz\u00fclet\u00e9s\u00e9nek 300. \u00e9vfordul\u00f3ja tisztelt\u00e9re","breadcrumb":{"@id":"https:\/\/terezsulyok.hu\/events\/sulyok-terez\/#breadcrumb"},"inLanguage":"en-GB","potentialAction":[{"@type":"ReadAction","target":["https:\/\/terezsulyok.hu\/events\/sulyok-terez\/"]}]},{"@type":"ImageObject","inLanguage":"en-GB","@id":"https:\/\/terezsulyok.hu\/events\/sulyok-terez\/#primaryimage","url":"https:\/\/terezsulyok.hu\/wp-content\/uploads\/2022\/06\/288635293_1204874793674431_337503821860610091_n-1.jpg","contentUrl":"https:\/\/terezsulyok.hu\/wp-content\/uploads\/2022\/06\/288635293_1204874793674431_337503821860610091_n-1.jpg","width":905,"height":614},{"@type":"BreadcrumbList","@id":"https:\/\/terezsulyok.hu\/events\/sulyok-terez\/#breadcrumb","itemListElement":[{"@type":"ListItem","position":1,"name":"Kezd\u0151lap","item":"https:\/\/terezsulyok.hu\/"},{"@type":"ListItem","position":2,"name":"Events","item":"https:\/\/terezsulyok.hu\/events\/"},{"@type":"ListItem","position":3,"name":"Sulyok Ter\u00e9z ki\u00e1ll\u00edt\u00e1sa"}]},{"@type":"WebSite","@id":"https:\/\/terezsulyok.hu\/#website","url":"https:\/\/terezsulyok.hu\/","name":"terezsulyok.hu","description":"Hidat verni a term\u00e9szetb\u0151l a k\u00e9p fel\u00e9, a k\u00fcls\u0151b\u0151l a bels\u0151be. A m\u0171v\u00e9sz feladata, hogy a saj\u00e1tos eszk\u00f6zeivel l\u00e1thatatlant l\u00e1that\u00f3v\u00e1 tegye.","publisher":{"@id":"https:\/\/terezsulyok.hu\/#\/schema\/person\/f4cb2fc5228237f9f502d346ce8adb36"},"potentialAction":[{"@type":"SearchAction","target":{"@type":"EntryPoint","urlTemplate":"https:\/\/terezsulyok.hu\/?s={search_term_string}"},"query-input":{"@type":"PropertyValueSpecification","valueRequired":true,"valueName":"search_term_string"}}],"inLanguage":"en-GB"},{"@type":["Person","Organization"],"@id":"https:\/\/terezsulyok.hu\/#\/schema\/person\/f4cb2fc5228237f9f502d346ce8adb36","name":"SulyokTerez","image":{"@type":"ImageObject","inLanguage":"en-GB","@id":"https:\/\/terezsulyok.hu\/wp-content\/uploads\/2022\/05\/s-122-\u00d7-60-keppont-205-\u00d7-100-keppont-500-\u00d7-300-keppont-350-\u00d7-100-keppont-1.png","url":"https:\/\/terezsulyok.hu\/wp-content\/uploads\/2022\/05\/s-122-\u00d7-60-keppont-205-\u00d7-100-keppont-500-\u00d7-300-keppont-350-\u00d7-100-keppont-1.png","contentUrl":"https:\/\/terezsulyok.hu\/wp-content\/uploads\/2022\/05\/s-122-\u00d7-60-keppont-205-\u00d7-100-keppont-500-\u00d7-300-keppont-350-\u00d7-100-keppont-1.png","width":350,"height":100,"caption":"SulyokTerez"},"logo":{"@id":"https:\/\/terezsulyok.hu\/wp-content\/uploads\/2022\/05\/s-122-\u00d7-60-keppont-205-\u00d7-100-keppont-500-\u00d7-300-keppont-350-\u00d7-100-keppont-1.png"},"sameAs":["https:\/\/terezsulyok.hu","https:\/\/www.facebook.com\/terez.sulyok.3"]}]}},"_links":{"self":[{"href":"https:\/\/terezsulyok.hu\/en\/wp-json\/wp\/v2\/mec-events\/1360","targetHints":{"allow":["GET"]}}],"collection":[{"href":"https:\/\/terezsulyok.hu\/en\/wp-json\/wp\/v2\/mec-events"}],"about":[{"href":"https:\/\/terezsulyok.hu\/en\/wp-json\/wp\/v2\/types\/mec-events"}],"author":[{"embeddable":true,"href":"https:\/\/terezsulyok.hu\/en\/wp-json\/wp\/v2\/users\/2"}],"replies":[{"embeddable":true,"href":"https:\/\/terezsulyok.hu\/en\/wp-json\/wp\/v2\/comments?post=1360"}],"wp:featuredmedia":[{"embeddable":true,"href":"https:\/\/terezsulyok.hu\/en\/wp-json\/wp\/v2\/media\/1359"}],"wp:attachment":[{"href":"https:\/\/terezsulyok.hu\/en\/wp-json\/wp\/v2\/media?parent=1360"}],"wp:term":[{"taxonomy":"post_tag","embeddable":true,"href":"https:\/\/terezsulyok.hu\/en\/wp-json\/wp\/v2\/tags?post=1360"},{"taxonomy":"mec_category","embeddable":true,"href":"https:\/\/terezsulyok.hu\/en\/wp-json\/wp\/v2\/mec_category?post=1360"}],"curies":[{"name":"wp","href":"https:\/\/api.w.org\/{rel}","templated":true}]}}